{"id":11,"date":"2023-01-09T16:03:14","date_gmt":"2023-01-09T16:03:14","guid":{"rendered":"https:\/\/sitewizard.be\/27orthodontiesintniklaas\/?page_id=11"},"modified":"2024-10-03T11:24:44","modified_gmt":"2024-10-03T11:24:44","slug":"orthodontische-behandeling","status":"publish","type":"page","link":"https:\/\/orthodontiesintniklaas.be\/index.php\/orthodontische-behandeling\/","title":{"rendered":"Behandelingen"},"content":{"rendered":"\t\t<div data-elementor-type=\"wp-page\" data-elementor-id=\"11\" class=\"elementor elementor-11\">\n\t\t\t\t\t\t\t\t\t<section class=\"elementor-section elementor-top-section elementor-element elementor-element-0d8fd17 elementor-section-boxed elementor-section-height-default elementor-section-height-default\" data-id=\"0d8fd17\" data-element_type=\"section\" data-settings=\"{&quot;background_background&quot;:&quot;classic&quot;,&quot;_ha_eqh_enable&quot;:false}\">\n\t\t\t\t\t\t\t<div class=\"elementor-background-overlay\"><\/div>\n\t\t\t\t\t\t\t<div class=\"elementor-container elementor-column-gap-default\">\n\t\t\t\t\t<div class=\"elementor-column elementor-col-100 elementor-top-column elementor-element elementor-element-906d5d8\" data-id=\"906d5d8\" data-element_type=\"column\">\n\t\t\t<div class=\"elementor-widget-wrap elementor-element-populated\">\n\t\t\t\t\t\t\t\t<div class=\"elementor-element elementor-element-0edfd03 elementor-widget elementor-widget-heading\" data-id=\"0edfd03\" data-element_type=\"widget\" data-widget_type=\"heading.default\">\n\t\t\t\t<div class=\"elementor-widget-container\">\n\t\t\t<style>\/*! elementor - v3.10.0 - 09-01-2023 *\/\n.elementor-heading-title{padding:0;margin:0;line-height:1}.elementor-widget-heading .elementor-heading-title[class*=elementor-size-]>a{color:inherit;font-size:inherit;line-height:inherit}.elementor-widget-heading .elementor-heading-title.elementor-size-small{font-size:15px}.elementor-widget-heading .elementor-heading-title.elementor-size-medium{font-size:19px}.elementor-widget-heading .elementor-heading-title.elementor-size-large{font-size:29px}.elementor-widget-heading .elementor-heading-title.elementor-size-xl{font-size:39px}.elementor-widget-heading .elementor-heading-title.elementor-size-xxl{font-size:59px}<\/style><h2 class=\"elementor-heading-title elementor-size-default\">Behandelingen<\/h2>\t\t<\/div>\n\t\t\t\t<\/div>\n\t\t\t\t\t<\/div>\n\t\t<\/div>\n\t\t\t\t\t\t\t<\/div>\n\t\t<\/section>\n\t\t\t\t<section class=\"elementor-section elementor-top-section elementor-element elementor-element-81015c0 elementor-section-content-middle elementor-reverse-tablet elementor-reverse-mobile elementor-section-boxed elementor-section-height-default elementor-section-height-default\" data-id=\"81015c0\" data-element_type=\"section\" data-settings=\"{&quot;_ha_eqh_enable&quot;:false}\">\n\t\t\t\t\t\t<div class=\"elementor-container elementor-column-gap-wider\">\n\t\t\t\t\t<div class=\"elementor-column elementor-col-50 elementor-top-column elementor-element elementor-element-83b1fef\" data-id=\"83b1fef\" data-element_type=\"column\">\n\t\t\t<div class=\"elementor-widget-wrap elementor-element-populated\">\n\t\t\t\t\t\t\t\t<div class=\"elementor-element elementor-element-41ccb2d elementor-widget elementor-widget-image\" data-id=\"41ccb2d\" data-element_type=\"widget\" data-widget_type=\"image.default\">\n\t\t\t\t<div class=\"elementor-widget-container\">\n\t\t\t<style>\/*! elementor - v3.10.0 - 09-01-2023 *\/\n.elementor-widget-image{text-align:center}.elementor-widget-image a{display:inline-block}.elementor-widget-image a img[src$=\".svg\"]{width:48px}.elementor-widget-image img{vertical-align:middle;display:inline-block}<\/style>\t\t\t\t\t\t\t\t\t\t\t\t<img loading=\"lazy\" decoding=\"async\" width=\"800\" height=\"533\" src=\"https:\/\/orthodontiesintniklaas.be\/wp-content\/uploads\/2023\/01\/JWD_1854-1024x682.jpg\" class=\"attachment-large size-large wp-image-312\" alt=\"orthodontische behandeling\" srcset=\"https:\/\/orthodontiesintniklaas.be\/wp-content\/uploads\/2023\/01\/JWD_1854-1024x682.jpg 1024w, https:\/\/orthodontiesintniklaas.be\/wp-content\/uploads\/2023\/01\/JWD_1854-300x200.jpg 300w, https:\/\/orthodontiesintniklaas.be\/wp-content\/uploads\/2023\/01\/JWD_1854-768x511.jpg 768w, https:\/\/orthodontiesintniklaas.be\/wp-content\/uploads\/2023\/01\/JWD_1854.jpg 1080w\" sizes=\"auto, (max-width: 800px) 100vw, 800px\" \/>\t\t\t\t\t\t\t\t\t\t\t\t\t\t\t<\/div>\n\t\t\t\t<\/div>\n\t\t\t\t\t<\/div>\n\t\t<\/div>\n\t\t\t\t<div class=\"elementor-column elementor-col-50 elementor-top-column elementor-element elementor-element-4eae4ef\" data-id=\"4eae4ef\" data-element_type=\"column\">\n\t\t\t<div class=\"elementor-widget-wrap elementor-element-populated\">\n\t\t\t\t\t\t\t\t<div class=\"elementor-element elementor-element-f57fe72 elementor-widget elementor-widget-text-editor\" data-id=\"f57fe72\" data-element_type=\"widget\" data-widget_type=\"text-editor.default\">\n\t\t\t\t<div class=\"elementor-widget-container\">\n\t\t\t<style>\/*! elementor - v3.10.0 - 09-01-2023 *\/\n.elementor-widget-text-editor.elementor-drop-cap-view-stacked .elementor-drop-cap{background-color:#818a91;color:#fff}.elementor-widget-text-editor.elementor-drop-cap-view-framed .elementor-drop-cap{color:#818a91;border:3px solid;background-color:transparent}.elementor-widget-text-editor:not(.elementor-drop-cap-view-default) .elementor-drop-cap{margin-top:8px}.elementor-widget-text-editor:not(.elementor-drop-cap-view-default) .elementor-drop-cap-letter{width:1em;height:1em}.elementor-widget-text-editor .elementor-drop-cap{float:left;text-align:center;line-height:1;font-size:50px}.elementor-widget-text-editor .elementor-drop-cap-letter{display:inline-block}<\/style>\t\t\t\t<p>Ieder gebit vergt een andere aanpak. Bij kinderen is het bijvoorbeeld nog mogelijk om de kaakgroei aan te passen. Niettegenstaande komt iedereen zijn hele leven lang in aanmerking voor een orthodontische behandeling. <br \/>Orthodontist Anne-Marie Verbeke behandelt een afwijkende tandstand met een beugel, dit varieert van een vaste blokjesbeugel tot een uitneembare beugel of een nachtbeugel.<\/p>\t\t\t\t\t\t<\/div>\n\t\t\t\t<\/div>\n\t\t\t\t\t<\/div>\n\t\t<\/div>\n\t\t\t\t\t\t\t<\/div>\n\t\t<\/section>\n\t\t\t\t<section class=\"elementor-section elementor-top-section elementor-element elementor-element-0d7484a elementor-section-content-middle elementor-section-boxed elementor-section-height-default elementor-section-height-default\" data-id=\"0d7484a\" data-element_type=\"section\" data-settings=\"{&quot;background_background&quot;:&quot;classic&quot;,&quot;_ha_eqh_enable&quot;:false}\">\n\t\t\t\t\t\t<div class=\"elementor-container elementor-column-gap-wider\">\n\t\t\t\t\t<div class=\"elementor-column elementor-col-50 elementor-top-column elementor-element elementor-element-03b3aa1\" data-id=\"03b3aa1\" data-element_type=\"column\">\n\t\t\t<div class=\"elementor-widget-wrap elementor-element-populated\">\n\t\t\t\t\t\t\t\t<div class=\"elementor-element elementor-element-7cdca1e elementor-widget elementor-widget-heading\" data-id=\"7cdca1e\" data-element_type=\"widget\" data-widget_type=\"heading.default\">\n\t\t\t\t<div class=\"elementor-widget-container\">\n\t\t\t<h3 class=\"elementor-heading-title elementor-size-default\">Wanneer moet ik een beugel dragen?<\/h3>\t\t<\/div>\n\t\t\t\t<\/div>\n\t\t\t\t<div class=\"elementor-element elementor-element-0ecca4b elementor-widget elementor-widget-text-editor\" data-id=\"0ecca4b\" data-element_type=\"widget\" data-widget_type=\"text-editor.default\">\n\t\t\t\t<div class=\"elementor-widget-container\">\n\t\t\t\t\t\t\t<p>Vaak bent u al doorverwezen door uw vaste tandarts. Of u een beugel nodig hebt voor het verplaatsen of rechtzetten van uw tanden en kiezen, hangt af van verschillende factoren, zoals de juiste timing, afhankelijk van de ontwikkeling en de groei van uw mond.<\/p><p>Ondervindt u tandproblemen of tandafwijkingen zoals scheve tanden of tanden die te ver naar voor of naar achter staan? Is er te weinig ruimte in uw mond of passen uw kiezen niet goed op elkaar? Is de stand van uw tanden of kiezen of de vorm van uw kaak in de loop van de tijd gewijzigd door bepaalde mondgewoonten? Of hebt u een tand verloren bij een ongeval? Orthodontist Anne-Marie Verbeke onderzoekt uw gebit en bepaalt of en hoe zij u kan helpen met een beugel. Ook mondhygi\u00ebne is cruciaal bij het dragen van braces. U krijgt hiervoor in de orthodontische praktijk uitgebreide instructies.<\/p><p>Met een behandelplan helpt Anne-Marie Verbeke u om uw tanden mooi recht te krijgen en de gezondheid van uw gebit te verbeteren, met een mooi en duurzaam resultaat. Zo wordt eten, praten en lachen (terug) een plezier.<\/p>\t\t\t\t\t\t<\/div>\n\t\t\t\t<\/div>\n\t\t\t\t\t<\/div>\n\t\t<\/div>\n\t\t\t\t<div class=\"elementor-column elementor-col-50 elementor-top-column elementor-element elementor-element-28fe55c\" data-id=\"28fe55c\" data-element_type=\"column\">\n\t\t\t<div class=\"elementor-widget-wrap elementor-element-populated\">\n\t\t\t\t\t\t\t\t<div class=\"elementor-element elementor-element-a18da23 elementor-widget elementor-widget-image\" data-id=\"a18da23\" data-element_type=\"widget\" data-widget_type=\"image.default\">\n\t\t\t\t<div class=\"elementor-widget-container\">\n\t\t\t\t\t\t\t\t\t\t\t\t\t\t\t<img loading=\"lazy\" decoding=\"async\" width=\"800\" height=\"533\" src=\"https:\/\/orthodontiesintniklaas.be\/wp-content\/uploads\/2023\/01\/JWD_1861-1024x682.jpg\" class=\"attachment-large size-large wp-image-325\" alt=\"orthodontische behandeling\" srcset=\"https:\/\/orthodontiesintniklaas.be\/wp-content\/uploads\/2023\/01\/JWD_1861-1024x682.jpg 1024w, https:\/\/orthodontiesintniklaas.be\/wp-content\/uploads\/2023\/01\/JWD_1861-300x200.jpg 300w, https:\/\/orthodontiesintniklaas.be\/wp-content\/uploads\/2023\/01\/JWD_1861-768x511.jpg 768w, https:\/\/orthodontiesintniklaas.be\/wp-content\/uploads\/2023\/01\/JWD_1861.jpg 1080w\" sizes=\"auto, (max-width: 800px) 100vw, 800px\" \/>\t\t\t\t\t\t\t\t\t\t\t\t\t\t\t<\/div>\n\t\t\t\t<\/div>\n\t\t\t\t\t<\/div>\n\t\t<\/div>\n\t\t\t\t\t\t\t<\/div>\n\t\t<\/section>\n\t\t\t\t<section class=\"elementor-section elementor-top-section elementor-element elementor-element-3ba90d4 elementor-section-boxed elementor-section-height-default elementor-section-height-default\" data-id=\"3ba90d4\" data-element_type=\"section\" data-settings=\"{&quot;background_background&quot;:&quot;classic&quot;,&quot;_ha_eqh_enable&quot;:false}\">\n\t\t\t\t\t\t\t<div class=\"elementor-background-overlay\"><\/div>\n\t\t\t\t\t\t\t<div class=\"elementor-container elementor-column-gap-default\">\n\t\t\t\t\t<div class=\"elementor-column elementor-col-100 elementor-top-column elementor-element elementor-element-544e1b5\" data-id=\"544e1b5\" data-element_type=\"column\">\n\t\t\t<div class=\"elementor-widget-wrap elementor-element-populated\">\n\t\t\t\t\t\t\t\t<div class=\"elementor-element elementor-element-69ecd91 elementor-widget elementor-widget-ha-creative-button happy-addon ha-creative-button\" data-id=\"69ecd91\" data-element_type=\"widget\" data-widget_type=\"ha-creative-button.default\">\n\t\t\t\t<div class=\"elementor-widget-container\">\n\t\t\t\t\t<div data-magnetic=\"no\" class=\"ha-creative-btn-wrap\">\n\t\t\t<a class=\"ha-creative-btn ha-stl--estilo ha-eft--dissolve\" href=\"https:\/\/orthodontiesintniklaas.be\/index.php\/faq\/\">Bekijk onze FAQ's<\/a>\n\t\t<\/div>\t\t<\/div>\n\t\t\t\t<\/div>\n\t\t\t\t\t<\/div>\n\t\t<\/div>\n\t\t\t\t\t\t\t<\/div>\n\t\t<\/section>\n\t\t\t\t<section class=\"elementor-section elementor-top-section elementor-element elementor-element-ff0150e elementor-section-content-middle elementor-section-boxed elementor-section-height-default elementor-section-height-default\" data-id=\"ff0150e\" data-element_type=\"section\" data-settings=\"{&quot;background_background&quot;:&quot;classic&quot;,&quot;_ha_eqh_enable&quot;:false}\">\n\t\t\t\t\t\t<div class=\"elementor-container elementor-column-gap-wider\">\n\t\t\t\t\t<div class=\"elementor-column elementor-col-50 elementor-top-column elementor-element elementor-element-1e442c2\" data-id=\"1e442c2\" data-element_type=\"column\">\n\t\t\t<div class=\"elementor-widget-wrap elementor-element-populated\">\n\t\t\t\t\t\t\t\t<div class=\"elementor-element elementor-element-6ea7d9e elementor-widget elementor-widget-heading\" data-id=\"6ea7d9e\" data-element_type=\"widget\" data-widget_type=\"heading.default\">\n\t\t\t\t<div class=\"elementor-widget-container\">\n\t\t\t<h3 class=\"elementor-heading-title elementor-size-default\">Uw behandelplan in verschillende stappen<\/h3>\t\t<\/div>\n\t\t\t\t<\/div>\n\t\t\t\t<div class=\"elementor-element elementor-element-ed7e10d elementor-widget elementor-widget-heading\" data-id=\"ed7e10d\" data-element_type=\"widget\" data-widget_type=\"heading.default\">\n\t\t\t\t<div class=\"elementor-widget-container\">\n\t\t\t<h5 class=\"elementor-heading-title elementor-size-default\">Stap 1: De eerste ontmoeting<\/h5>\t\t<\/div>\n\t\t\t\t<\/div>\n\t\t\t\t<div class=\"elementor-element elementor-element-1a40106 elementor-widget elementor-widget-text-editor\" data-id=\"1a40106\" data-element_type=\"widget\" data-widget_type=\"text-editor.default\">\n\t\t\t\t<div class=\"elementor-widget-container\">\n\t\t\t\t\t\t\t<p>Dit kan op advies van de persoonlijke tandarts, maar dit hoeft niet per s\u00e9. Tijdens deze eerste consultatie bekijken we de toestand waarin uw gebit zich bevindt. Op basis hiervan nemen we een beslissing voor het verdere verloop van de behandeling:<\/p><ol><li>\u00a0(Voorlopig) Geen verderzetting van de ortho-behandeling.<\/li><li>Uitstel van de behandeling is mogelijk of noodzakelijk. Verdere opvolging na een half jaar of een jaar.<\/li><li>Aanzetten van de ortho-behandeling door het verzamelen van de benodigde gegevens:<ol><li>We maken een afdruk van de boven- en ondertandboog. Hier worden vervolgens gipsmodellen van gemaakt.<\/li><li>We maken RX-foto\u2019s om een zicht te hebben op de situatie onder het tandvlees en in het kaakbeen.<\/li><li>We maken foto\u2019s van het gezicht en het gebit.<\/li><\/ol><\/li><\/ol><p><br \/>Met deze info maakt Anne-Marie het behandelplan op. We bespreken dit met u tijdens de volgende afspraak.<\/p>\t\t\t\t\t\t<\/div>\n\t\t\t\t<\/div>\n\t\t\t\t\t<\/div>\n\t\t<\/div>\n\t\t\t\t<div class=\"elementor-column elementor-col-50 elementor-top-column elementor-element elementor-element-dd14daf\" data-id=\"dd14daf\" data-element_type=\"column\">\n\t\t\t<div class=\"elementor-widget-wrap elementor-element-populated\">\n\t\t\t\t\t\t\t\t<div class=\"elementor-element elementor-element-b644a48 elementor-widget elementor-widget-image\" data-id=\"b644a48\" data-element_type=\"widget\" data-widget_type=\"image.default\">\n\t\t\t\t<div class=\"elementor-widget-container\">\n\t\t\t\t\t\t\t\t\t\t\t\t\t\t\t<img loading=\"lazy\" decoding=\"async\" width=\"438\" height=\"501\" src=\"https:\/\/orthodontiesintniklaas.be\/wp-content\/uploads\/2023\/01\/orthodontie-sint-niklaas-behandelingen-e1676977542924.jpg\" class=\"attachment-large size-large wp-image-406\" alt=\"gebit\" srcset=\"https:\/\/orthodontiesintniklaas.be\/wp-content\/uploads\/2023\/01\/orthodontie-sint-niklaas-behandelingen-e1676977542924.jpg 438w, https:\/\/orthodontiesintniklaas.be\/wp-content\/uploads\/2023\/01\/orthodontie-sint-niklaas-behandelingen-e1676977542924-262x300.jpg 262w\" sizes=\"auto, (max-width: 438px) 100vw, 438px\" \/>\t\t\t\t\t\t\t\t\t\t\t\t\t\t\t<\/div>\n\t\t\t\t<\/div>\n\t\t\t\t\t<\/div>\n\t\t<\/div>\n\t\t\t\t\t\t\t<\/div>\n\t\t<\/section>\n\t\t\t\t<section class=\"elementor-section elementor-top-section elementor-element elementor-element-dcf6ef4 elementor-section-content-middle elementor-reverse-tablet elementor-reverse-mobile elementor-section-boxed elementor-section-height-default elementor-section-height-default\" data-id=\"dcf6ef4\" data-element_type=\"section\" data-settings=\"{&quot;_ha_eqh_enable&quot;:false}\">\n\t\t\t\t\t\t<div class=\"elementor-container elementor-column-gap-wider\">\n\t\t\t\t\t<div class=\"elementor-column elementor-col-50 elementor-top-column elementor-element elementor-element-89462a5\" data-id=\"89462a5\" data-element_type=\"column\">\n\t\t\t<div class=\"elementor-widget-wrap elementor-element-populated\">\n\t\t\t\t\t\t\t\t<div class=\"elementor-element elementor-element-8cd08d8 elementor-widget elementor-widget-image\" data-id=\"8cd08d8\" data-element_type=\"widget\" data-widget_type=\"image.default\">\n\t\t\t\t<div class=\"elementor-widget-container\">\n\t\t\t\t\t\t\t\t\t\t\t\t\t\t\t<img loading=\"lazy\" decoding=\"async\" width=\"800\" height=\"533\" src=\"https:\/\/orthodontiesintniklaas.be\/wp-content\/uploads\/2023\/01\/JWD_1851-1024x682.jpg\" class=\"attachment-large size-large wp-image-54\" alt=\"De praktijk\" srcset=\"https:\/\/orthodontiesintniklaas.be\/wp-content\/uploads\/2023\/01\/JWD_1851-1024x682.jpg 1024w, https:\/\/orthodontiesintniklaas.be\/wp-content\/uploads\/2023\/01\/JWD_1851-300x200.jpg 300w, https:\/\/orthodontiesintniklaas.be\/wp-content\/uploads\/2023\/01\/JWD_1851-768x511.jpg 768w, https:\/\/orthodontiesintniklaas.be\/wp-content\/uploads\/2023\/01\/JWD_1851.jpg 1080w\" sizes=\"auto, (max-width: 800px) 100vw, 800px\" \/>\t\t\t\t\t\t\t\t\t\t\t\t\t\t\t<\/div>\n\t\t\t\t<\/div>\n\t\t\t\t\t<\/div>\n\t\t<\/div>\n\t\t\t\t<div class=\"elementor-column elementor-col-50 elementor-top-column elementor-element elementor-element-9dda9a9\" data-id=\"9dda9a9\" data-element_type=\"column\">\n\t\t\t<div class=\"elementor-widget-wrap elementor-element-populated\">\n\t\t\t\t\t\t\t\t<div class=\"elementor-element elementor-element-282fccf elementor-widget elementor-widget-heading\" data-id=\"282fccf\" data-element_type=\"widget\" data-widget_type=\"heading.default\">\n\t\t\t\t<div class=\"elementor-widget-container\">\n\t\t\t<h5 class=\"elementor-heading-title elementor-size-default\">Stap 2: Overlopen van het behandelplan<\/h5>\t\t<\/div>\n\t\t\t\t<\/div>\n\t\t\t\t<div class=\"elementor-element elementor-element-0ab825a elementor-widget elementor-widget-text-editor\" data-id=\"0ab825a\" data-element_type=\"widget\" data-widget_type=\"text-editor.default\">\n\t\t\t\t<div class=\"elementor-widget-container\">\n\t\t\t\t\t\t\t<p>De orthodontist overloopt het behandelplan met de pati\u00ebnt en\/of de ouders. Na deze bespreking hebben beide partijen een zicht op:<\/p><ul><li>het type apparaat<\/li><li>de geschatte duur van de behandeling<\/li><li>het kostenplaatje<\/li><li>de verschillende mogelijkheden<\/li><li>eventuele neveneffecten<\/li><\/ul><p>\u00a0<\/p><p>Hierna beslist de pati\u00ebnt en\/of de ouders om de behandeling al dan niet te starten en welke behandeling de voorkeur draagt.<\/p><p>Uw tandarts ontvangt een verslag met de inhoud van deze consultatie, zodat hij ook gebruik kan maken van de foto\u2019s.<\/p>\t\t\t\t\t\t<\/div>\n\t\t\t\t<\/div>\n\t\t\t\t\t<\/div>\n\t\t<\/div>\n\t\t\t\t\t\t\t<\/div>\n\t\t<\/section>\n\t\t\t\t<section class=\"elementor-section elementor-top-section elementor-element elementor-element-7883bce elementor-section-content-middle elementor-section-boxed elementor-section-height-default elementor-section-height-default\" data-id=\"7883bce\" data-element_type=\"section\" data-settings=\"{&quot;background_background&quot;:&quot;classic&quot;,&quot;_ha_eqh_enable&quot;:false}\">\n\t\t\t\t\t\t<div class=\"elementor-container elementor-column-gap-wider\">\n\t\t\t\t\t<div class=\"elementor-column elementor-col-50 elementor-top-column elementor-element elementor-element-d97939c\" data-id=\"d97939c\" data-element_type=\"column\">\n\t\t\t<div class=\"elementor-widget-wrap elementor-element-populated\">\n\t\t\t\t\t\t\t\t<div class=\"elementor-element elementor-element-0641372 elementor-widget elementor-widget-heading\" data-id=\"0641372\" data-element_type=\"widget\" data-widget_type=\"heading.default\">\n\t\t\t\t<div class=\"elementor-widget-container\">\n\t\t\t<h5 class=\"elementor-heading-title elementor-size-default\">Stap 3: De effectieve behandeling<\/h5>\t\t<\/div>\n\t\t\t\t<\/div>\n\t\t\t\t<div class=\"elementor-element elementor-element-4c7ef3b elementor-widget elementor-widget-text-editor\" data-id=\"4c7ef3b\" data-element_type=\"widget\" data-widget_type=\"text-editor.default\">\n\t\t\t\t<div class=\"elementor-widget-container\">\n\t\t\t\t\t\t\t<p>Behandelingsvormen:<\/p><ul><li>Behandeling als kind (+- 9 jaar): De behandeling wordt opgestart v\u00f3\u00f3r de leeftijd van 8 jaar en 6 maanden en wordt gedeeltelijk terugbetaald, bij vertoon van een mutualiteitsbriefje.<\/li><li>Behandeling als puber: De behandeling wordt opgestart v\u00f3\u00f3r de leeftijd van 15 jaar \u00e9n voor er een volledige tandenwissel heeft plaatsgevonden. Het ziekenfonds komt tussen in de kosten, bij vertoon van een mutualiteitsbriefje.<\/li><li>Volwassen behandeling: De behandeling wordt opgestart op of na de leeftijd van 15 jaar en\/of er heeft een volledige tandenwissel plaatsgevonden. Er is geen tussenkomst in de kosten meer mogelijk, tenzij u hiervoor een verzekering hebt.<\/li><\/ul><p>\u00a0<\/p><p>Het plaatsen van vaste brackets is een delicate materie en een goede plaatsing is uitermate belangrijk voor een gewenst resultaat. De behandelingen gebeuren meestal na de schooluren.<\/p><p>Het is zeer belangrijk om trouw naar de afspraken te komen, met het oog op een mooi eindresultaat. Zo hoeft de behandelingsduur niet verlengd te worden!<\/p>\t\t\t\t\t\t<\/div>\n\t\t\t\t<\/div>\n\t\t\t\t\t<\/div>\n\t\t<\/div>\n\t\t\t\t<div class=\"elementor-column elementor-col-50 elementor-top-column elementor-element elementor-element-5d9d217\" data-id=\"5d9d217\" data-element_type=\"column\">\n\t\t\t<div class=\"elementor-widget-wrap elementor-element-populated\">\n\t\t\t\t\t\t\t\t<div class=\"elementor-element elementor-element-9eafe4b elementor-widget elementor-widget-image\" data-id=\"9eafe4b\" data-element_type=\"widget\" data-widget_type=\"image.default\">\n\t\t\t\t<div class=\"elementor-widget-container\">\n\t\t\t\t\t\t\t\t\t\t\t\t\t\t\t<img loading=\"lazy\" decoding=\"async\" width=\"572\" height=\"719\" src=\"https:\/\/orthodontiesintniklaas.be\/wp-content\/uploads\/2023\/01\/orthodontie-sint-niklaas-behandelingen2.jpg\" class=\"attachment-large size-large wp-image-450\" alt=\"Annemie Verbeke\" srcset=\"https:\/\/orthodontiesintniklaas.be\/wp-content\/uploads\/2023\/01\/orthodontie-sint-niklaas-behandelingen2.jpg 572w, https:\/\/orthodontiesintniklaas.be\/wp-content\/uploads\/2023\/01\/orthodontie-sint-niklaas-behandelingen2-239x300.jpg 239w\" sizes=\"auto, (max-width: 572px) 100vw, 572px\" \/>\t\t\t\t\t\t\t\t\t\t\t\t\t\t\t<\/div>\n\t\t\t\t<\/div>\n\t\t\t\t\t<\/div>\n\t\t<\/div>\n\t\t\t\t\t\t\t<\/div>\n\t\t<\/section>\n\t\t\t\t<section class=\"elementor-section elementor-top-section elementor-element elementor-element-ca45042 elementor-section-content-middle elementor-reverse-tablet elementor-reverse-mobile elementor-section-boxed elementor-section-height-default elementor-section-height-default\" data-id=\"ca45042\" data-element_type=\"section\" data-settings=\"{&quot;_ha_eqh_enable&quot;:false}\">\n\t\t\t\t\t\t<div class=\"elementor-container elementor-column-gap-wider\">\n\t\t\t\t\t<div class=\"elementor-column elementor-col-50 elementor-top-column elementor-element elementor-element-836e277\" data-id=\"836e277\" data-element_type=\"column\">\n\t\t\t<div class=\"elementor-widget-wrap elementor-element-populated\">\n\t\t\t\t\t\t\t\t<div class=\"elementor-element elementor-element-4cd970b elementor-widget elementor-widget-image\" data-id=\"4cd970b\" data-element_type=\"widget\" data-widget_type=\"image.default\">\n\t\t\t\t<div class=\"elementor-widget-container\">\n\t\t\t\t\t\t\t\t\t\t\t\t\t\t\t<img loading=\"lazy\" decoding=\"async\" width=\"800\" height=\"533\" src=\"https:\/\/orthodontiesintniklaas.be\/wp-content\/uploads\/2023\/01\/JWD_1863-1024x682.jpg\" class=\"attachment-large size-large wp-image-466\" alt=\"\" srcset=\"https:\/\/orthodontiesintniklaas.be\/wp-content\/uploads\/2023\/01\/JWD_1863-1024x682.jpg 1024w, https:\/\/orthodontiesintniklaas.be\/wp-content\/uploads\/2023\/01\/JWD_1863-300x200.jpg 300w, https:\/\/orthodontiesintniklaas.be\/wp-content\/uploads\/2023\/01\/JWD_1863-768x511.jpg 768w, https:\/\/orthodontiesintniklaas.be\/wp-content\/uploads\/2023\/01\/JWD_1863.jpg 1080w\" sizes=\"auto, (max-width: 800px) 100vw, 800px\" \/>\t\t\t\t\t\t\t\t\t\t\t\t\t\t\t<\/div>\n\t\t\t\t<\/div>\n\t\t\t\t\t<\/div>\n\t\t<\/div>\n\t\t\t\t<div class=\"elementor-column elementor-col-50 elementor-top-column elementor-element elementor-element-615006a\" data-id=\"615006a\" data-element_type=\"column\">\n\t\t\t<div class=\"elementor-widget-wrap elementor-element-populated\">\n\t\t\t\t\t\t\t\t<div class=\"elementor-element elementor-element-8c7aede elementor-widget elementor-widget-heading\" data-id=\"8c7aede\" data-element_type=\"widget\" data-widget_type=\"heading.default\">\n\t\t\t\t<div class=\"elementor-widget-container\">\n\t\t\t<h5 class=\"elementor-heading-title elementor-size-default\">Stap 4: Eindfase<\/h5>\t\t<\/div>\n\t\t\t\t<\/div>\n\t\t\t\t<div class=\"elementor-element elementor-element-6dd402a elementor-widget elementor-widget-text-editor\" data-id=\"6dd402a\" data-element_type=\"widget\" data-widget_type=\"text-editor.default\">\n\t\t\t\t<div class=\"elementor-widget-container\">\n\t\t\t\t\t\t\t<p>Na de actieve behandeling wordt er een retentiedraad of plastieken retainer aangebracht. Ook hiervoor komt u ook regelmatig op controle. Dit is erg belangrijk, zo zijn we zeker dat uw tanden zich niet verplaatsen en dat we bij u een mooi eindresultaat kunnen vaststellen.<\/p>\t\t\t\t\t\t<\/div>\n\t\t\t\t<\/div>\n\t\t\t\t<div class=\"elementor-element elementor-element-792925c elementor-widget elementor-widget-heading\" data-id=\"792925c\" data-element_type=\"widget\" data-widget_type=\"heading.default\">\n\t\t\t\t<div class=\"elementor-widget-container\">\n\t\t\t<h5 class=\"elementor-heading-title elementor-size-default\">Tot slot:<\/h5>\t\t<\/div>\n\t\t\t\t<\/div>\n\t\t\t\t<div class=\"elementor-element elementor-element-73d02d6 elementor-widget elementor-widget-text-editor\" data-id=\"73d02d6\" data-element_type=\"widget\" data-widget_type=\"text-editor.default\">\n\t\t\t\t<div class=\"elementor-widget-container\">\n\t\t\t\t\t\t\t<p>Vergeet ook tijdens de orthodontiebehandeling het zesmaandelijkse bezoek aan uw tandarts niet!<\/p>\t\t\t\t\t\t<\/div>\n\t\t\t\t<\/div>\n\t\t\t\t\t<\/div>\n\t\t<\/div>\n\t\t\t\t\t\t\t<\/div>\n\t\t<\/section>\n\t\t\t\t<section class=\"elementor-section elementor-top-section elementor-element elementor-element-8e8189a elementor-section-boxed elementor-section-height-default elementor-section-height-default\" data-id=\"8e8189a\" data-element_type=\"section\" data-settings=\"{&quot;background_background&quot;:&quot;classic&quot;,&quot;_ha_eqh_enable&quot;:false}\">\n\t\t\t\t\t\t\t<div class=\"elementor-background-overlay\"><\/div>\n\t\t\t\t\t\t\t<div class=\"elementor-container elementor-column-gap-default\">\n\t\t\t\t\t<div class=\"elementor-column elementor-col-100 elementor-top-column elementor-element elementor-element-58ca7d3\" data-id=\"58ca7d3\" data-element_type=\"column\">\n\t\t\t<div class=\"elementor-widget-wrap elementor-element-populated\">\n\t\t\t\t\t\t\t\t<div class=\"elementor-element elementor-element-d835995 elementor-widget elementor-widget-ha-creative-button happy-addon ha-creative-button\" data-id=\"d835995\" data-element_type=\"widget\" data-widget_type=\"ha-creative-button.default\">\n\t\t\t\t<div class=\"elementor-widget-container\">\n\t\t\t\t\t<div data-magnetic=\"no\" class=\"ha-creative-btn-wrap\">\n\t\t\t<a class=\"ha-creative-btn ha-stl--estilo ha-eft--dissolve\" href=\"https:\/\/orthodontiesintniklaas.be\/index.php\/contact\/\">Maak een afspraak<\/a>\n\t\t<\/div>\t\t<\/div>\n\t\t\t\t<\/div>\n\t\t\t\t\t<\/div>\n\t\t<\/div>\n\t\t\t\t\t\t\t<\/div>\n\t\t<\/section>\n\t\t\t\t\t\t\t<\/div>\n\t\t","protected":false},"excerpt":{"rendered":"<p>Behandelingen Ieder gebit vergt een andere aanpak. Bij kinderen is het bijvoorbeeld nog mogelijk om de kaakgroei aan te passen. Niettegenstaande komt iedereen zijn hele leven lang in aanmerking voor een orthodontische behandeling. Orthodontist Anne-Marie Verbeke behandelt een afwijkende tandstand met een beugel, dit varieert van een vaste blokjesbeugel tot een uitneembare beugel of een [&hellip;]<\/p>\n","protected":false},"author":1,"featured_media":0,"parent":0,"menu_order":0,"comment_status":"closed","ping_status":"closed","template":"","meta":{"footnotes":""},"class_list":["post-11","page","type-page","status-publish","hentry"],"yoast_head":"<!-- This site is optimized with the Yoast SEO plugin v20.5 - https:\/\/yoast.com\/wordpress\/plugins\/seo\/ -->\n<title>Orthodontische behandeling - Orthodontie Sint-Niklaas<\/title>\n<meta name=\"description\" content=\"Een orthodontische behandeling zijn geschikt voor alle leeftijden en worden aangepast aan de unieke behoeften van elk gebit.\" \/>\n<meta name=\"robots\" content=\"index, follow, max-snippet:-1, max-image-preview:large, max-video-preview:-1\" \/>\n<link rel=\"canonical\" href=\"https:\/\/orthodontiesintniklaas.be\/index.php\/orthodontische-behandeling\/\" \/>\n<meta property=\"og:locale\" content=\"nl_NL\" \/>\n<meta property=\"og:type\" content=\"article\" \/>\n<meta property=\"og:title\" content=\"Orthodontische behandeling - Orthodontie Sint-Niklaas\" \/>\n<meta property=\"og:description\" content=\"Een orthodontische behandeling zijn geschikt voor alle leeftijden en worden aangepast aan de unieke behoeften van elk gebit.\" \/>\n<meta property=\"og:url\" content=\"https:\/\/orthodontiesintniklaas.be\/index.php\/orthodontische-behandeling\/\" \/>\n<meta property=\"og:site_name\" content=\"Orthodontie Sint-Niklaas\" \/>\n<meta property=\"article:modified_time\" content=\"2024-10-03T11:24:44+00:00\" \/>\n<meta property=\"og:image\" content=\"https:\/\/orthodontiesintniklaas.be\/wp-content\/uploads\/2023\/01\/JWD_1854-1024x682.jpg\" \/>\n<meta name=\"twitter:card\" content=\"summary_large_image\" \/>\n<meta name=\"twitter:label1\" content=\"Geschatte leestijd\" \/>\n\t<meta name=\"twitter:data1\" content=\"5 minuten\" \/>\n<script type=\"application\/ld+json\" class=\"yoast-schema-graph\">{\"@context\":\"https:\/\/schema.org\",\"@graph\":[{\"@type\":\"WebPage\",\"@id\":\"https:\/\/orthodontiesintniklaas.be\/index.php\/orthodontische-behandeling\/\",\"url\":\"https:\/\/orthodontiesintniklaas.be\/index.php\/orthodontische-behandeling\/\",\"name\":\"Orthodontische behandeling - Orthodontie Sint-Niklaas\",\"isPartOf\":{\"@id\":\"https:\/\/orthodontiesintniklaas.be\/#website\"},\"datePublished\":\"2023-01-09T16:03:14+00:00\",\"dateModified\":\"2024-10-03T11:24:44+00:00\",\"description\":\"Een orthodontische behandeling zijn geschikt voor alle leeftijden en worden aangepast aan de unieke behoeften van elk gebit.\",\"breadcrumb\":{\"@id\":\"https:\/\/orthodontiesintniklaas.be\/index.php\/orthodontische-behandeling\/#breadcrumb\"},\"inLanguage\":\"nl-NL\",\"potentialAction\":[{\"@type\":\"ReadAction\",\"target\":[\"https:\/\/orthodontiesintniklaas.be\/index.php\/orthodontische-behandeling\/\"]}]},{\"@type\":\"BreadcrumbList\",\"@id\":\"https:\/\/orthodontiesintniklaas.be\/index.php\/orthodontische-behandeling\/#breadcrumb\",\"itemListElement\":[{\"@type\":\"ListItem\",\"position\":1,\"name\":\"Home\",\"item\":\"https:\/\/orthodontiesintniklaas.be\/\"},{\"@type\":\"ListItem\",\"position\":2,\"name\":\"Behandelingen\"}]},{\"@type\":\"WebSite\",\"@id\":\"https:\/\/orthodontiesintniklaas.be\/#website\",\"url\":\"https:\/\/orthodontiesintniklaas.be\/\",\"name\":\"Orthodontie Sint-Niklaas\",\"description\":\"\",\"potentialAction\":[{\"@type\":\"SearchAction\",\"target\":{\"@type\":\"EntryPoint\",\"urlTemplate\":\"https:\/\/orthodontiesintniklaas.be\/?s={search_term_string}\"},\"query-input\":\"required name=search_term_string\"}],\"inLanguage\":\"nl-NL\"}]}<\/script>\n<!-- \/ Yoast SEO plugin. -->","yoast_head_json":{"title":"Orthodontische behandeling - Orthodontie Sint-Niklaas","description":"Een orthodontische behandeling zijn geschikt voor alle leeftijden en worden aangepast aan de unieke behoeften van elk gebit.","robots":{"index":"index","follow":"follow","max-snippet":"max-snippet:-1","max-image-preview":"max-image-preview:large","max-video-preview":"max-video-preview:-1"},"canonical":"https:\/\/orthodontiesintniklaas.be\/index.php\/orthodontische-behandeling\/","og_locale":"nl_NL","og_type":"article","og_title":"Orthodontische behandeling - Orthodontie Sint-Niklaas","og_description":"Een orthodontische behandeling zijn geschikt voor alle leeftijden en worden aangepast aan de unieke behoeften van elk gebit.","og_url":"https:\/\/orthodontiesintniklaas.be\/index.php\/orthodontische-behandeling\/","og_site_name":"Orthodontie Sint-Niklaas","article_modified_time":"2024-10-03T11:24:44+00:00","og_image":[{"url":"https:\/\/orthodontiesintniklaas.be\/wp-content\/uploads\/2023\/01\/JWD_1854-1024x682.jpg"}],"twitter_card":"summary_large_image","twitter_misc":{"Geschatte leestijd":"5 minuten"},"schema":{"@context":"https:\/\/schema.org","@graph":[{"@type":"WebPage","@id":"https:\/\/orthodontiesintniklaas.be\/index.php\/orthodontische-behandeling\/","url":"https:\/\/orthodontiesintniklaas.be\/index.php\/orthodontische-behandeling\/","name":"Orthodontische behandeling - Orthodontie Sint-Niklaas","isPartOf":{"@id":"https:\/\/orthodontiesintniklaas.be\/#website"},"datePublished":"2023-01-09T16:03:14+00:00","dateModified":"2024-10-03T11:24:44+00:00","description":"Een orthodontische behandeling zijn geschikt voor alle leeftijden en worden aangepast aan de unieke behoeften van elk gebit.","breadcrumb":{"@id":"https:\/\/orthodontiesintniklaas.be\/index.php\/orthodontische-behandeling\/#breadcrumb"},"inLanguage":"nl-NL","potentialAction":[{"@type":"ReadAction","target":["https:\/\/orthodontiesintniklaas.be\/index.php\/orthodontische-behandeling\/"]}]},{"@type":"BreadcrumbList","@id":"https:\/\/orthodontiesintniklaas.be\/index.php\/orthodontische-behandeling\/#breadcrumb","itemListElement":[{"@type":"ListItem","position":1,"name":"Home","item":"https:\/\/orthodontiesintniklaas.be\/"},{"@type":"ListItem","position":2,"name":"Behandelingen"}]},{"@type":"WebSite","@id":"https:\/\/orthodontiesintniklaas.be\/#website","url":"https:\/\/orthodontiesintniklaas.be\/","name":"Orthodontie Sint-Niklaas","description":"","potentialAction":[{"@type":"SearchAction","target":{"@type":"EntryPoint","urlTemplate":"https:\/\/orthodontiesintniklaas.be\/?s={search_term_string}"},"query-input":"required name=search_term_string"}],"inLanguage":"nl-NL"}]}},"_links":{"self":[{"href":"https:\/\/orthodontiesintniklaas.be\/index.php\/wp-json\/wp\/v2\/pages\/11","targetHints":{"allow":["GET"]}}],"collection":[{"href":"https:\/\/orthodontiesintniklaas.be\/index.php\/wp-json\/wp\/v2\/pages"}],"about":[{"href":"https:\/\/orthodontiesintniklaas.be\/index.php\/wp-json\/wp\/v2\/types\/page"}],"author":[{"embeddable":true,"href":"https:\/\/orthodontiesintniklaas.be\/index.php\/wp-json\/wp\/v2\/users\/1"}],"replies":[{"embeddable":true,"href":"https:\/\/orthodontiesintniklaas.be\/index.php\/wp-json\/wp\/v2\/comments?post=11"}],"version-history":[{"count":321,"href":"https:\/\/orthodontiesintniklaas.be\/index.php\/wp-json\/wp\/v2\/pages\/11\/revisions"}],"predecessor-version":[{"id":1006,"href":"https:\/\/orthodontiesintniklaas.be\/index.php\/wp-json\/wp\/v2\/pages\/11\/revisions\/1006"}],"wp:attachment":[{"href":"https:\/\/orthodontiesintniklaas.be\/index.php\/wp-json\/wp\/v2\/media?parent=11"}],"curies":[{"name":"wp","href":"https:\/\/api.w.org\/{rel}","templated":true}]}}